{"id":96,"date":"2021-02-15T12:21:41","date_gmt":"2021-02-15T11:21:41","guid":{"rendered":"http:\/\/aunomdelart.net\/?page_id=96"},"modified":"2025-10-27T16:19:36","modified_gmt":"2025-10-27T15:19:36","slug":"accueil","status":"publish","type":"page","link":"https:\/\/aunomdelart.net\/","title":{"rendered":"Accueil"},"content":{"rendered":"\n<p>Au Nom de l&#8217;Art a \u00e9t\u00e9 initi\u00e9 par l&#8217;artiste Mawndo\u00e9 et en 5 ans, nous avons mont\u00e9 et r\u00e9alis\u00e9 plus de 10 projets artistiques, 3 tourn\u00e9es nationales, touch\u00e9 plus de 150 000 personnes dans le Tchad. Ce sont 2 espaces artistiques. <\/p>\n\n\n\n<div class=\"wp-block-file\"><a href=\"http:\/\/aunomdelart.net\/wp-content\/uploads\/2025\/10\/Flyer-Au-coeur-de-lart-2025.pdf\">Flyer Au coeur de l&#8217;art 2025<\/a><a href=\"http:\/\/aunomdelart.net\/wp-content\/uploads\/2025\/10\/Flyer-Au-coeur-de-lart-2025.pdf\" class=\"wp-block-file__button\" download>Download<\/a><\/div>\n\n\n\n<div class=\"wp-block-image\"><figure class=\"aligncenter size-large\"><img loading=\"lazy\" width=\"723\" height=\"1024\" src=\"http:\/\/aunomdelart.net\/wp-content\/uploads\/2025\/10\/Diapositive1-723x1024.jpg\" alt=\"\" class=\"wp-image-865\" srcset=\"https:\/\/aunomdelart.net\/wp-content\/uploads\/2025\/10\/Diapositive1-723x1024.jpg 723w, https:\/\/aunomdelart.net\/wp-content\/uploads\/2025\/10\/Diapositive1-212x300.jpg 212w, https:\/\/aunomdelart.net\/wp-content\/uploads\/2025\/10\/Diapositive1-768x1088.jpg 768w, https:\/\/aunomdelart.net\/wp-content\/uploads\/2025\/10\/Diapositive1-230x326.jpg 230w, https:\/\/aunomdelart.net\/wp-content\/uploads\/2025\/10\/Diapositive1-350x496.jpg 350w, https:\/\/aunomdelart.net\/wp-content\/uploads\/2025\/10\/Diapositive1-480x680.jpg 480w, https:\/\/aunomdelart.net\/wp-content\/uploads\/2025\/10\/Diapositive1.jpg 793w\" sizes=\"(max-width: 723px) 100vw, 723px\" \/><\/figure><\/div>\n\n\n\n<div class=\"wp-block-image\"><figure class=\"aligncenter size-large\"><img loading=\"lazy\" width=\"723\" height=\"1024\" src=\"http:\/\/aunomdelart.net\/wp-content\/uploads\/2025\/10\/Diapositive1-723x1024.jpg\" alt=\"\" class=\"wp-image-865\" srcset=\"https:\/\/aunomdelart.net\/wp-content\/uploads\/2025\/10\/Diapositive1-723x1024.jpg 723w, https:\/\/aunomdelart.net\/wp-content\/uploads\/2025\/10\/Diapositive1-212x300.jpg 212w, https:\/\/aunomdelart.net\/wp-content\/uploads\/2025\/10\/Diapositive1-768x1088.jpg 768w, https:\/\/aunomdelart.net\/wp-content\/uploads\/2025\/10\/Diapositive1-230x326.jpg 230w, https:\/\/aunomdelart.net\/wp-content\/uploads\/2025\/10\/Diapositive1-350x496.jpg 350w, https:\/\/aunomdelart.net\/wp-content\/uploads\/2025\/10\/Diapositive1-480x680.jpg 480w, https:\/\/aunomdelart.net\/wp-content\/uploads\/2025\/10\/Diapositive1.jpg 793w\" sizes=\"(max-width: 723px) 100vw, 723px\" \/><\/figure><\/div>\n\n\n\n<p>Et maintenant bienvenue \u00e0 Bakara :  <a href=\"https:\/\/www.facebook.com\/share\/v\/19xd6b86gd\/\">https:\/\/www.facebook.com\/share\/v\/19xd6b86gd\/<\/a><\/p>\n\n\n\n<div class=\"wp-block-media-text alignwide is-stacked-on-mobile\" style=\"grid-template-columns:22% auto\"><figure class=\"wp-block-media-text__media\"><img loading=\"lazy\" width=\"216\" height=\"128\" src=\"https:\/\/aunomdelart.net\/wp-content\/uploads\/2025\/02\/Image6-1.jpg\" alt=\"\" class=\"wp-image-580 size-full\"\/><\/figure><div class=\"wp-block-media-text__content\">\n<p class=\"has-large-font-size\"><a href=\"https:\/\/mawndoe.net\/discographie\/videos\/\">Au coeur de l&#8217;Art : la 2\u00e8me \u00e9dition  <\/a><\/p>\n<\/div><\/div>\n\n\n\n<p>Depuis 2020 Au nom de l\u2019Art, c\u2019est une impulsion d\u2019o\u00f9 a jailli :<\/p>\n\n\n\n<ul><li>Une <a href=\"http:\/\/aunomdelart.net\/index.php\/page-d-exemple\/residence-de-creation-janvier-mars-2020\/\">r\u00e9sidence de cr\u00e9ation <\/a>avec des enfants au Tchad &#8211;  Janvier &#8211; Mars 2020<\/li><\/ul>\n\n\n\n<ul><li>Un projet  \u00e0 but artistique, \u00e9conomique  et social &#8211; Les poti\u00e8res de Gaoui aussi d\u00e9nomm\u00e9e <a href=\"http:\/\/aunomdelart.net\/index.php\/les-reines-de-gaoui\/\">Les Reines de Gaoui)<\/a>.&nbsp;R\u00e9sidence&nbsp;de&nbsp;cr\u00e9ation&nbsp;et&nbsp;centre&nbsp;de&nbsp;ressource&nbsp;sont&nbsp;actuellement&nbsp;en&nbsp;cours&nbsp;\u00e0&nbsp;Gaoui  pour 50 femmes poti\u00e8res.<\/li><\/ul>\n\n\n\n<ul><li><a href=\"http:\/\/aunomdelart.net\/index.php\/page-d-exemple\/\">Au Nom de l&#8217;Art Acad\u00e9mie &#8211;<\/a> &nbsp;Dans la continuit\u00e9 de la r\u00e9sidence de cr\u00e9ation avec les enfant d\u00e9but janvier 2020, c&#8217;est un projet  d&#8217;enregistrement d&#8217;\u00e9missions inter-etablissement autour des m\u00e9tiers des arts. Pour donner les outils et la chance aux enfants du Tchad de r\u00eaver une autre vie que celle qui a \u00e9t\u00e9 donn\u00e9e \u00e0 leurs ain\u00e9s. <\/li><\/ul>\n\n\n\n<p><a href=\"https:\/\/aunomdelart.net\/index.php\/gaoui-village-de-largile-2021-2022\/\">Gaoui- village de l&#8217;argile :<\/a>  Maintenant, c&#8217;est tout le  village qui se retrouve lors des randonn\u00e9es. Sans oublier les formations de Florian et Ana\u00efs ainsi que les prix d&#8217;excellence. <\/p>\n\n\n\n<p><a href=\"https:\/\/aunomdelart.net\/index.php\/au-dela-de-lart\/\">Au del\u00e0 de l&#8217;art :<\/a> Quand l&#8217;art devient vecteur de d\u00e9veloppement \u00e9conomique<\/p>\n\n\n\n<p><strong><a href=\"https:\/\/aunomdelart.net\/index.php\/projets-et-actions\/au-coeur-de-lart\/\">Au Coeur de l&#8217;Art <\/a><\/strong> avec le camps des 500 jeunes, des formations ,expositions et festivals<\/p>\n\n\n\n<p><strong>Au coeur de l&#8217;Art<\/strong> :  <em>Ce projet est un exemple concret de la fa\u00e7on dont l&#8217;art, la culture<\/em> <em>et l&#8217;esprit d&#8217;entrepreneuriat  peuvent \u00eatre utilis\u00e9s<\/em> <em>&nbsp;pour promouvoir<\/em> <em>le d\u00e9veloppement social et \u00e9conomique d&#8217;un pays.<\/em><\/p>\n\n\n\n<p>Ce projet n&#8217;est possible qu&#8217;avec l&#8217;implication financi\u00e8re d&#8217;Acc\u00e8s Culture.<\/p>\n\n\n\n<figure class=\"wp-block-gallery columns-3 is-cropped\"><ul class=\"blocks-gallery-grid\"><li class=\"blocks-gallery-item\"><figure><img loading=\"lazy\" width=\"1024\" height=\"367\" src=\"https:\/\/aunomdelart.net\/wp-content\/uploads\/2025\/05\/AC_logo-1024x367.jpg\" alt=\"\" data-id=\"808\" data-full-url=\"https:\/\/aunomdelart.net\/wp-content\/uploads\/2025\/05\/AC_logo.jpg\" data-link=\"https:\/\/aunomdelart.net\/index.php\/accueil\/ac_logo\/\" class=\"wp-image-808\" srcset=\"https:\/\/aunomdelart.net\/wp-content\/uploads\/2025\/05\/AC_logo-1024x367.jpg 1024w, https:\/\/aunomdelart.net\/wp-content\/uploads\/2025\/05\/AC_logo-300x107.jpg 300w, https:\/\/aunomdelart.net\/wp-content\/uploads\/2025\/05\/AC_logo-768x275.jpg 768w, https:\/\/aunomdelart.net\/wp-content\/uploads\/2025\/05\/AC_logo-1536x550.jpg 1536w, https:\/\/aunomdelart.net\/wp-content\/uploads\/2025\/05\/AC_logo-830x297.jpg 830w, https:\/\/aunomdelart.net\/wp-content\/uploads\/2025\/05\/AC_logo-230x82.jpg 230w, https:\/\/aunomdelart.net\/wp-content\/uploads\/2025\/05\/AC_logo-350x125.jpg 350w, https:\/\/aunomdelart.net\/wp-content\/uploads\/2025\/05\/AC_logo-480x172.jpg 480w, https:\/\/aunomdelart.net\/wp-content\/uploads\/2025\/05\/AC_logo.jpg 1600w\" sizes=\"(max-width: 1024px) 100vw, 1024px\" \/><\/figure><\/li><li class=\"blocks-gallery-item\"><figure><img loading=\"lazy\" width=\"851\" height=\"591\" src=\"https:\/\/aunomdelart.net\/wp-content\/uploads\/2025\/05\/IF_Logo_Fond_Sans_Bleu_RVB.jpg\" alt=\"\" data-id=\"809\" data-full-url=\"https:\/\/aunomdelart.net\/wp-content\/uploads\/2025\/05\/IF_Logo_Fond_Sans_Bleu_RVB.jpg\" data-link=\"https:\/\/aunomdelart.net\/index.php\/accueil\/if_logo_fond_sans_bleu_rvb\/\" class=\"wp-image-809\" srcset=\"https:\/\/aunomdelart.net\/wp-content\/uploads\/2025\/05\/IF_Logo_Fond_Sans_Bleu_RVB.jpg 851w, https:\/\/aunomdelart.net\/wp-content\/uploads\/2025\/05\/IF_Logo_Fond_Sans_Bleu_RVB-300x208.jpg 300w, https:\/\/aunomdelart.net\/wp-content\/uploads\/2025\/05\/IF_Logo_Fond_Sans_Bleu_RVB-768x533.jpg 768w, https:\/\/aunomdelart.net\/wp-content\/uploads\/2025\/05\/IF_Logo_Fond_Sans_Bleu_RVB-830x576.jpg 830w, https:\/\/aunomdelart.net\/wp-content\/uploads\/2025\/05\/IF_Logo_Fond_Sans_Bleu_RVB-230x160.jpg 230w, https:\/\/aunomdelart.net\/wp-content\/uploads\/2025\/05\/IF_Logo_Fond_Sans_Bleu_RVB-350x243.jpg 350w, https:\/\/aunomdelart.net\/wp-content\/uploads\/2025\/05\/IF_Logo_Fond_Sans_Bleu_RVB-480x333.jpg 480w\" sizes=\"(max-width: 851px) 100vw, 851px\" \/><\/figure><\/li><li class=\"blocks-gallery-item\"><figure><img loading=\"lazy\" width=\"1024\" height=\"465\" src=\"https:\/\/aunomdelart.net\/wp-content\/uploads\/2025\/05\/Logo_France_AFD_HD_CMJN_FRA14-1024x465.jpg\" alt=\"\" data-id=\"810\" data-full-url=\"https:\/\/aunomdelart.net\/wp-content\/uploads\/2025\/05\/Logo_France_AFD_HD_CMJN_FRA14-scaled.jpg\" data-link=\"https:\/\/aunomdelart.net\/index.php\/accueil\/logo_france_afd_hd_cmjn_fra14\/\" class=\"wp-image-810\" srcset=\"https:\/\/aunomdelart.net\/wp-content\/uploads\/2025\/05\/Logo_France_AFD_HD_CMJN_FRA14-1024x465.jpg 1024w, https:\/\/aunomdelart.net\/wp-content\/uploads\/2025\/05\/Logo_France_AFD_HD_CMJN_FRA14-300x136.jpg 300w, https:\/\/aunomdelart.net\/wp-content\/uploads\/2025\/05\/Logo_France_AFD_HD_CMJN_FRA14-768x349.jpg 768w, https:\/\/aunomdelart.net\/wp-content\/uploads\/2025\/05\/Logo_France_AFD_HD_CMJN_FRA14-1536x697.jpg 1536w, https:\/\/aunomdelart.net\/wp-content\/uploads\/2025\/05\/Logo_France_AFD_HD_CMJN_FRA14-2048x930.jpg 2048w, https:\/\/aunomdelart.net\/wp-content\/uploads\/2025\/05\/Logo_France_AFD_HD_CMJN_FRA14-830x377.jpg 830w, https:\/\/aunomdelart.net\/wp-content\/uploads\/2025\/05\/Logo_France_AFD_HD_CMJN_FRA14-230x104.jpg 230w, https:\/\/aunomdelart.net\/wp-content\/uploads\/2025\/05\/Logo_France_AFD_HD_CMJN_FRA14-350x159.jpg 350w, https:\/\/aunomdelart.net\/wp-content\/uploads\/2025\/05\/Logo_France_AFD_HD_CMJN_FRA14-480x218.jpg 480w\" sizes=\"(max-width: 1024px) 100vw, 1024px\" \/><\/figure><\/li><\/ul><\/figure>\n\n\n\n<div class=\"wp-block-file\"><a href=\"https:\/\/aunomdelart.net\/wp-content\/uploads\/2025\/05\/livret_acces_culture_2023_10_30_v62.pdf\">A l&#8217;honneur dans le livret acces_culture_2023_10_30_v62<\/a><a href=\"https:\/\/aunomdelart.net\/wp-content\/uploads\/2025\/05\/livret_acces_culture_2023_10_30_v62.pdf\" class=\"wp-block-file__button\" download>Download<\/a><\/div>\n\n\n\n<div class=\"wp-block-media-text alignwide is-stacked-on-mobile\" style=\"grid-template-columns:15% auto\"><figure class=\"wp-block-media-text__media\"><img loading=\"lazy\" width=\"552\" height=\"552\" src=\"https:\/\/aunomdelart.net\/wp-content\/uploads\/2025\/02\/473757264_574111722196066_1551030447221131898_n.jpg\" alt=\"\" class=\"wp-image-579 size-full\" srcset=\"https:\/\/aunomdelart.net\/wp-content\/uploads\/2025\/02\/473757264_574111722196066_1551030447221131898_n.jpg 552w, https:\/\/aunomdelart.net\/wp-content\/uploads\/2025\/02\/473757264_574111722196066_1551030447221131898_n-300x300.jpg 300w, https:\/\/aunomdelart.net\/wp-content\/uploads\/2025\/02\/473757264_574111722196066_1551030447221131898_n-150x150.jpg 150w, https:\/\/aunomdelart.net\/wp-content\/uploads\/2025\/02\/473757264_574111722196066_1551030447221131898_n-230x230.jpg 230w, https:\/\/aunomdelart.net\/wp-content\/uploads\/2025\/02\/473757264_574111722196066_1551030447221131898_n-350x350.jpg 350w, https:\/\/aunomdelart.net\/wp-content\/uploads\/2025\/02\/473757264_574111722196066_1551030447221131898_n-480x480.jpg 480w\" sizes=\"(max-width: 552px) 100vw, 552px\" \/><\/figure><div class=\"wp-block-media-text__content\">\n<p class=\"has-large-font-size\"><a href=\"https:\/\/aunomdelart.net\/index.php\/mawndoe\/\" data-type=\"URL\" data-id=\"https:\/\/aunomdelart.net\/index.php\/mawndoe\/\">Mawndo\u00e9<\/a><\/p>\n\n\n\n<p>L&#8217;artiste qui ne se laisse pas d\u00e9finir<\/p>\n<\/div><\/div>\n\n\n\n<p> <\/p>\n\n\n\n<div class=\"wp-block-image\"><figure class=\"aligncenter\"><img loading=\"lazy\" width=\"234\" height=\"300\" src=\"http:\/\/aunomdelart.net\/wp-content\/uploads\/2021\/02\/logo-lion-234x300.jpg\" alt=\"\" class=\"wp-image-6\" srcset=\"https:\/\/aunomdelart.net\/wp-content\/uploads\/2021\/02\/logo-lion-234x300.jpg 234w, https:\/\/aunomdelart.net\/wp-content\/uploads\/2021\/02\/logo-lion.jpg 597w\" sizes=\"(max-width: 234px) 100vw, 234px\" \/><\/figure><\/div>\n","protected":false},"excerpt":{"rendered":"<p>Au Nom de l&#8217;Art a \u00e9t\u00e9 initi\u00e9 par l&#8217;artiste Mawndo\u00e9 et en 5 ans, nous avons mont\u00e9 et r\u00e9alis\u00e9 plus de 10 projets artistiques, 3 tourn\u00e9es nationales, touch\u00e9 plus de 150 000 personnes dans le Tchad. Ce sont 2 espaces artistiques. Et maintenant bienvenue \u00e0 Bakara : https:\/\/www.facebook.com\/share\/v\/19xd6b86gd\/ Au coeur de l&#8217;Art : la 2\u00e8me [&hellip;]<\/p>\n","protected":false},"author":1,"featured_media":0,"parent":0,"menu_order":0,"comment_status":"closed","ping_status":"closed","template":"","meta":[],"_links":{"self":[{"href":"https:\/\/aunomdelart.net\/index.php\/wp-json\/wp\/v2\/pages\/96"}],"collection":[{"href":"https:\/\/aunomdelart.net\/index.php\/wp-json\/wp\/v2\/pages"}],"about":[{"href":"https:\/\/aunomdelart.net\/index.php\/wp-json\/wp\/v2\/types\/page"}],"author":[{"embeddable":true,"href":"https:\/\/aunomdelart.net\/index.php\/wp-json\/wp\/v2\/users\/1"}],"replies":[{"embeddable":true,"href":"https:\/\/aunomdelart.net\/index.php\/wp-json\/wp\/v2\/comments?post=96"}],"version-history":[{"count":20,"href":"https:\/\/aunomdelart.net\/index.php\/wp-json\/wp\/v2\/pages\/96\/revisions"}],"predecessor-version":[{"id":869,"href":"https:\/\/aunomdelart.net\/index.php\/wp-json\/wp\/v2\/pages\/96\/revisions\/869"}],"wp:attachment":[{"href":"https:\/\/aunomdelart.net\/index.php\/wp-json\/wp\/v2\/media?parent=96"}],"curies":[{"name":"wp","href":"https:\/\/api.w.org\/{rel}","templated":true}]}}